{"id":733,"date":"2024-10-30T18:32:21","date_gmt":"2024-10-30T18:32:21","guid":{"rendered":"https:\/\/desaltorrevieja.com\/?page_id=733"},"modified":"2025-10-10T09:00:56","modified_gmt":"2025-10-10T09:00:56","slug":"inscripcion-show-cookings","status":"publish","type":"page","link":"https:\/\/desaltorrevieja.com\/en\/inscripcion-show-cookings\/","title":{"rendered":"Show Cookings registration"},"content":{"rendered":"<div data-elementor-type=\"wp-page\" data-elementor-id=\"733\" class=\"elementor elementor-733\">\n\t\t\t\t\t\t<section class=\"elementor-section elementor-top-section elementor-element elementor-element-7ea00de elementor-section-boxed elementor-section-height-default elementor-section-height-default\" data-id=\"7ea00de\" data-element_type=\"section\">\n\t\t\t\t\t\t<div class=\"elementor-container elementor-column-gap-default\">\n\t\t\t\t\t<div class=\"elementor-column elementor-col-100 elementor-top-column elementor-element elementor-element-f7192b5\" data-id=\"f7192b5\" data-element_type=\"column\">\n\t\t\t<div class=\"elementor-widget-wrap elementor-element-populated\">\n\t\t\t\t\t\t<div class=\"elementor-element elementor-element-7b789a1 elementor-widget elementor-widget-text-editor\" data-id=\"7b789a1\" data-element_type=\"widget\" data-widget_type=\"text-editor.default\">\n\t\t\t\t<div class=\"elementor-widget-container\">\n\t\t\t\t\t\t\t\t\t<form class=\"formularioinscripcion\" action=\"\/panel\/valida.php\" method=\"POST\" data-trp-original-action=\"\/panel\/valida.php\"><label for=\"nombre\">Full name: <\/label>\n<input id=\"nombre\" name=\"nombre\" required=\"\" type=\"text\" \/><label for=\"email\">Email:<\/label>\n<input id=\"email\" name=\"email\" required=\"\" type=\"email\" \/><label for=\"telefono\">Telephone:<\/label>\n<input id=\"telefono\" name=\"telefono\" required=\"\" type=\"tel\" \/><label for=\"showcooking\">Show Cooking:<\/label>\n<select id=\"showcooking\" name=\"asunto\" required=\"\">\n<option value=\"\">Seleccione una opci\u00f3n<\/option>\n<option value=\"316\">Viernes 17 (12:00) &#8211; Carlos Garc\u00eda \u00abNuestro arroz de aqu\u00ed y de all\u00e1\u00bb<\/option>\n<option value=\"317\">Viernes 17 (13:00) &#8211; Rafa Soler \u00abLa huerta de Rafa Soler\u00bb<\/option>\n<option value=\"322\">Viernes 17 (17:45) &#8211; Quico Corrochano \u00abPanettone con sal de Torrevieja y uvas de La Mata\u00bb<\/option>\n<option value=\"325\">Viernes 17 (18:45) &#8211; Adrian Stojewski \u00abCroquetas de queso Oscypek con salsa agridulce de ar\u00e1ndanos\u00bb<\/option>\n<option value=\"318\">S\u00e1bado 18 (12:00) &#8211; Kiko Moya \u00abLa sal como elemento transformador de los productos\u00bb<\/option>\n<option value=\"319\">S\u00e1bado 18 (13:00) &#8211; Alberto Ferruz &amp; Emanuelle Bar\u00f3n \u00abLa memoria como punto de partida\u00bb<\/option>\n<option value=\"323\">S\u00e1bado 18 (18:00) &#8211; Jos\u00e9 Manuel Marcos Candela \u00abEl Panettone de Chocolate Premio Innovaci\u00f3n Madrid\u00bb<\/option>\n<option value=\"336\">S\u00e1bado 18 (19:00) &#8211; Asociaci\u00f3n de la Alcachofa \u00abCroqueta de alcachofa\u00bb<\/option>\n<option value=\"320\">Domingo 19 (12:00) &#8211; Joaqu\u00edn Baeza \u00abEsencias del Mediterr\u00e1neo\u00bb<\/option>\n<option value=\"321\">Domingo 19 (13:00) &#8211; Vicky Sevilla \u00abLa cocina mediterr\u00e1nea desde nuestra mirada\u00bb<\/option>\n<option value=\"324\">Domingo 19 (18:00) &#8211; Tore Jhonny Dale \u00abCocina tradicional de Noruega con esencia salinera\u00bb<\/option>\n<\/select><label for=\"personas\">Persons: (Max. 2)<\/label>\n<select name=\"personas\">\n<option value=\"1\">1<\/option>\n<option value=\"2\">2<\/option>\n<\/select>\n<input name=\"enviar\" type=\"hidden\" value=\"1\" \/>\n<input type=\"submit\" value=\"Register\" \/><input type=\"hidden\" name=\"trp-form-language\" value=\"en\"\/><\/form>\t\t\t\t\t\t\t\t<\/div>\n\t\t\t\t<\/div>\n\t\t\t\t\t<\/div>\n\t\t<\/div>\n\t\t\t\t\t<\/div>\n\t\t<\/section>\n\t\t\t\t<\/div>","protected":false},"excerpt":{"rendered":"<p>Nombre completo: Email: Tel\u00e9fono: Show Cooking: Seleccione una opci\u00f3nViernes 17 (12:00) &#8211; Carlos Garc\u00eda \u00abNuestro arroz de aqu\u00ed y de all\u00e1\u00bbViernes 17 (13:00) &#8211; Rafa Soler \u00abLa huerta de Rafa Soler\u00bbViernes 17 (17:45) &#8211; Quico Corrochano \u00abPanettone con sal de Torrevieja y uvas de La Mata\u00bbViernes 17 (18:45) &#8211; Adrian Stojewski \u00abCroquetas de queso Oscypek [&hellip;]<\/p>","protected":false},"author":1,"featured_media":0,"parent":0,"menu_order":0,"comment_status":"closed","ping_status":"closed","template":"","meta":{"_themeisle_gutenberg_block_has_review":false,"footnotes":""},"class_list":["post-733","page","type-page","status-publish","hentry"],"_links":{"self":[{"href":"https:\/\/desaltorrevieja.com\/en\/wp-json\/wp\/v2\/pages\/733","targetHints":{"allow":["GET"]}}],"collection":[{"href":"https:\/\/desaltorrevieja.com\/en\/wp-json\/wp\/v2\/pages"}],"about":[{"href":"https:\/\/desaltorrevieja.com\/en\/wp-json\/wp\/v2\/types\/page"}],"author":[{"embeddable":true,"href":"https:\/\/desaltorrevieja.com\/en\/wp-json\/wp\/v2\/users\/1"}],"replies":[{"embeddable":true,"href":"https:\/\/desaltorrevieja.com\/en\/wp-json\/wp\/v2\/comments?post=733"}],"version-history":[{"count":38,"href":"https:\/\/desaltorrevieja.com\/en\/wp-json\/wp\/v2\/pages\/733\/revisions"}],"predecessor-version":[{"id":1331,"href":"https:\/\/desaltorrevieja.com\/en\/wp-json\/wp\/v2\/pages\/733\/revisions\/1331"}],"wp:attachment":[{"href":"https:\/\/desaltorrevieja.com\/en\/wp-json\/wp\/v2\/media?parent=733"}],"curies":[{"name":"wp","href":"https:\/\/api.w.org\/{rel}","templated":true}]}}