{"id":780,"date":"2024-10-31T09:14:48","date_gmt":"2024-10-31T09:14:48","guid":{"rendered":"https:\/\/desaltorrevieja.com\/?page_id=780"},"modified":"2025-10-15T13:45:18","modified_gmt":"2025-10-15T13:45:18","slug":"inscripcion-catas","status":"publish","type":"page","link":"https:\/\/desaltorrevieja.com\/en\/inscripcion-catas\/","title":{"rendered":"Tastings registration"},"content":{"rendered":"<div data-elementor-type=\"wp-page\" data-elementor-id=\"780\" class=\"elementor elementor-780\">\n\t\t\t\t\t\t<section class=\"elementor-section elementor-top-section elementor-element elementor-element-9bfe764 elementor-hidden-desktop elementor-hidden-tablet elementor-hidden-mobile elementor-section-boxed elementor-section-height-default elementor-section-height-default\" data-id=\"9bfe764\" data-element_type=\"section\">\n\t\t\t\t\t\t<div class=\"elementor-container elementor-column-gap-default\">\n\t\t\t\t\t<div class=\"elementor-column elementor-col-100 elementor-top-column elementor-element elementor-element-32ce005\" data-id=\"32ce005\" data-element_type=\"column\">\n\t\t\t<div class=\"elementor-widget-wrap elementor-element-populated\">\n\t\t\t\t\t\t<div class=\"elementor-element elementor-element-84d59ef elementor-widget elementor-widget-text-editor\" data-id=\"84d59ef\" data-element_type=\"widget\" data-widget_type=\"text-editor.default\">\n\t\t\t\t<div class=\"elementor-widget-container\">\n\t\t\t\t\t\t\t\t\t<form class=\"formularioinscripcion\" action=\"\/panel\/valida.php\" method=\"POST\" data-trp-original-action=\"\/panel\/valida.php\"><label for=\"nombre\">Full name: <\/label>\n<input id=\"nombre\" name=\"nombre\" required=\"\" type=\"text\" \/><label for=\"email\">Email:<\/label>\n<input id=\"email\" name=\"email\" required=\"\" type=\"email\" \/><label for=\"telefono\">Telephone:<\/label>\n<input id=\"telefono\" name=\"telefono\" required=\"\" type=\"tel\" \/><label for=\"showcooking\">Tasting:<\/label>\n<select id=\"showcooking\" name=\"asunto\" required=\"\">\n<option value=\"\">Seleccione una opci\u00f3n<\/option>\n<option value=\"332\">Viernes 17 (14:00) &#8211; Cata Aceite &#8211; Luis Miguel Mart\u00ednez \u00abAceite Octobris &#8211; Familia Muntanya\u00bb<\/option>\n<option value=\"333\">Viernes 17 (20:30) &#8211; Cata Vinos &#8211; Omar Amor\u00f3s Amor\u00f3s \u00abAlicante DOP. El renacimiento de una zona hist\u00f3rica\u00bb<\/option>\n<option value=\"334\">S\u00e1bado 18 (14:00) &#8211; Cata Vinos &#8211; Santiago Mora \u00abGrupo Covi\u00f1as\u00bb<\/option>\n<option value=\"335\">Domingo 19 (16:00) &#8211; Cata Vinos &#8211; Hilari\u00f3n Pedauy\u00e9 Armengol \u00abVinos y vi\u00f1edos de Torrevieja y La Mata\u00bb<\/option>\n<\/select><label for=\"personas\">Persons: (Max. 2)<\/label>\n<select name=\"personas\">\n<option value=\"1\">1<\/option>\n<option value=\"2\">2<\/option>\n<\/select><input name=\"enviar\" type=\"hidden\" value=\"1\" \/>\n<input type=\"submit\" value=\"Register\" \/>\n\n<input type=\"hidden\" name=\"trp-form-language\" value=\"en\"\/><\/form>\t\t\t\t\t\t\t\t<\/div>\n\t\t\t\t<\/div>\n\t\t\t\t\t<\/div>\n\t\t<\/div>\n\t\t\t\t\t<\/div>\n\t\t<\/section>\n\t\t\t\t<section class=\"elementor-section elementor-top-section elementor-element elementor-element-5358085 elementor-section-boxed elementor-section-height-default elementor-section-height-default\" data-id=\"5358085\" data-element_type=\"section\">\n\t\t\t\t\t\t<div class=\"elementor-container elementor-column-gap-default\">\n\t\t\t\t\t<div class=\"elementor-column elementor-col-100 elementor-top-column elementor-element elementor-element-7f05bd2\" data-id=\"7f05bd2\" data-element_type=\"column\">\n\t\t\t<div class=\"elementor-widget-wrap elementor-element-populated\">\n\t\t\t\t\t\t<div class=\"elementor-element elementor-element-d664f1a elementor-widget elementor-widget-text-editor\" data-id=\"d664f1a\" data-element_type=\"widget\" data-widget_type=\"text-editor.default\">\n\t\t\t\t<div class=\"elementor-widget-container\">\n\t\t\t\t\t\t\t\t\t<h2 style=\"text-align: center;\">No hay plazas disponibles<\/h2>\t\t\t\t\t\t\t\t<\/div>\n\t\t\t\t<\/div>\n\t\t\t\t\t<\/div>\n\t\t<\/div>\n\t\t\t\t\t<\/div>\n\t\t<\/section>\n\t\t\t\t<\/div>","protected":false},"excerpt":{"rendered":"<p>Nombre completo: Email: Tel\u00e9fono: Cata: Seleccione una opci\u00f3nViernes 17 (14:00) &#8211; Cata Aceite &#8211; Luis Miguel Mart\u00ednez \u00abAceite Octobris &#8211; Familia Muntanya\u00bbViernes 17 (20:30) &#8211; Cata Vinos &#8211; Omar Amor\u00f3s Amor\u00f3s \u00abAlicante DOP. El renacimiento de una zona hist\u00f3rica\u00bbS\u00e1bado 18 (14:00) &#8211; Cata Vinos &#8211; Santiago Mora \u00abGrupo Covi\u00f1as\u00bbDomingo 19 (16:00) &#8211; Cata Vinos &#8211; [&hellip;]<\/p>","protected":false},"author":1,"featured_media":0,"parent":0,"menu_order":0,"comment_status":"closed","ping_status":"closed","template":"","meta":{"_themeisle_gutenberg_block_has_review":false,"footnotes":""},"class_list":["post-780","page","type-page","status-publish","hentry"],"_links":{"self":[{"href":"https:\/\/desaltorrevieja.com\/en\/wp-json\/wp\/v2\/pages\/780","targetHints":{"allow":["GET"]}}],"collection":[{"href":"https:\/\/desaltorrevieja.com\/en\/wp-json\/wp\/v2\/pages"}],"about":[{"href":"https:\/\/desaltorrevieja.com\/en\/wp-json\/wp\/v2\/types\/page"}],"author":[{"embeddable":true,"href":"https:\/\/desaltorrevieja.com\/en\/wp-json\/wp\/v2\/users\/1"}],"replies":[{"embeddable":true,"href":"https:\/\/desaltorrevieja.com\/en\/wp-json\/wp\/v2\/comments?post=780"}],"version-history":[{"count":44,"href":"https:\/\/desaltorrevieja.com\/en\/wp-json\/wp\/v2\/pages\/780\/revisions"}],"predecessor-version":[{"id":1393,"href":"https:\/\/desaltorrevieja.com\/en\/wp-json\/wp\/v2\/pages\/780\/revisions\/1393"}],"wp:attachment":[{"href":"https:\/\/desaltorrevieja.com\/en\/wp-json\/wp\/v2\/media?parent=780"}],"curies":[{"name":"wp","href":"https:\/\/api.w.org\/{rel}","templated":true}]}}